{"id":19158,"date":"2023-11-27T20:57:07","date_gmt":"2023-11-27T20:57:07","guid":{"rendered":"https:\/\/susimetsa.ee\/vergangene-ereignisse\/"},"modified":"2024-09-15T07:50:25","modified_gmt":"2024-09-15T07:50:25","slug":"vergangene-ereignisse","status":"publish","type":"page","link":"https:\/\/susimetsa.ee\/de\/vergangene-ereignisse\/","title":{"rendered":"Vergangene Ereignisse"},"content":{"rendered":"\t\t<div data-elementor-type=\"wp-page\" data-elementor-id=\"19158\" class=\"elementor elementor-19158 elementor-17314\">\n\t\t\t\t\t\t<section class=\"wd-negative-gap elementor-section elementor-top-section elementor-element elementor-element-ba7a497 elementor-section-boxed elementor-section-height-default elementor-section-height-default\" data-id=\"ba7a497\" data-element_type=\"section\">\n\t\t\t\t\t\t<div class=\"elementor-container elementor-column-gap-default\">\n\t\t\t\t\t<div class=\"elementor-column elementor-col-100 elementor-top-column elementor-element elementor-element-08efda5\" data-id=\"08efda5\" data-element_type=\"column\">\n\t\t\t<div class=\"elementor-widget-wrap elementor-element-populated\">\n\t\t\t\t\t\t<div class=\"elementor-element elementor-element-3df81a0 wd-width-100 elementor-widget elementor-widget-wd_title\" data-id=\"3df81a0\" data-element_type=\"widget\" data-widget_type=\"wd_title.default\">\n\t\t\t\t<div class=\"elementor-widget-container\">\n\t\t\t\t\t\t\t<div class=\"title-wrapper wd-set-mb reset-last-child wd-title-color-default wd-title-style-bordered wd-title-size-large text-center\">\n\n\t\t\t\n\t\t\t<div class=\"liner-continer\">\n\t\t\t\t<h4 class=\"woodmart-title-container title wd-fontsize-xxl\">Vergangene Ereignisse<\/h4> \n\t\t\t\t\t\t\t<\/div>\n\n\t\t\t\t\t<\/div>\n\t\t\t\t\t\t<\/div>\n\t\t\t\t<\/div>\n\t\t\t\t<div class=\"elementor-element elementor-element-cb88c3c wd-width-100 elementor-widget elementor-widget-wd_blog\" data-id=\"cb88c3c\" data-element_type=\"widget\" data-widget_type=\"wd_blog.default\">\n\t\t\t\t<div class=\"elementor-widget-container\">\n\t\t\t\t\t\t\t\t\t\t\t\t<div class=\"wd-blog-element \">\n\t\t\t\t\t\t\t\t\t\t\t\n\t\t\t\t\t<div class=\"wd-posts wd-blog-holder wd-grid-g\" id=\"6a99371425bcc\" data-paged=\"1\" data-atts=\"{&quot;post_type&quot;:&quot;post&quot;,&quot;items_per_page&quot;:12,&quot;include&quot;:null,&quot;taxonomies&quot;:[&quot;74&quot;],&quot;offset&quot;:&quot;&quot;,&quot;orderby&quot;:&quot;&quot;,&quot;order&quot;:&quot;DESC&quot;,&quot;meta_key&quot;:null,&quot;exclude&quot;:&quot;&quot;,&quot;element_title&quot;:&quot;&quot;,&quot;element_title_tag&quot;:&quot;h4&quot;,&quot;parts_media&quot;:true,&quot;parts_title&quot;:&quot;1&quot;,&quot;parts_meta&quot;:&quot;&quot;,&quot;parts_text&quot;:&quot;1&quot;,&quot;parts_btn&quot;:&quot;1&quot;,&quot;parts_published_date&quot;:&quot;1&quot;,&quot;img_size&quot;:&quot;large&quot;,&quot;blog_design&quot;:&quot;meta-image&quot;,&quot;blog_carousel_design&quot;:null,&quot;blog_masonry&quot;:null,&quot;blog_columns&quot;:{&quot;unit&quot;:&quot;px&quot;,&quot;size&quot;:3,&quot;sizes&quot;:[]},&quot;blog_columns_tablet&quot;:{&quot;size&quot;:&quot;&quot;},&quot;blog_columns_mobile&quot;:{&quot;size&quot;:&quot;&quot;},&quot;blog_spacing&quot;:&quot;&quot;,&quot;blog_spacing_tablet&quot;:&quot;&quot;,&quot;blog_spacing_mobile&quot;:&quot;&quot;,&quot;pagination&quot;:&quot;&quot;,&quot;speed&quot;:null,&quot;slides_per_view&quot;:null,&quot;slides_per_view_tablet&quot;:{&quot;size&quot;:&quot;&quot;},&quot;slides_per_view_mobile&quot;:{&quot;size&quot;:&quot;&quot;},&quot;wrap&quot;:null,&quot;autoplay&quot;:null,&quot;hide_pagination_control&quot;:null,&quot;hide_prev_next_buttons&quot;:null,&quot;scroll_per_page&quot;:null,&quot;lazy_loading&quot;:&quot;yes&quot;,&quot;scroll_carousel_init&quot;:null,&quot;ajax_page&quot;:&quot;&quot;,&quot;custom_sizes&quot;:false,&quot;elementor&quot;:true}\" data-source=\"shortcode\" style=\"--wd-col-lg:3;--wd-col-md:3;--wd-col-sm:1;--wd-gap-lg:20px;--wd-gap-sm:10px;\">\n\t\t\t\n\t\t\t\t\t\t\t\t\t\t\t\t\t\t\n<article id=\"post-19745\" class=\"wd-post blog-design-meta-image blog-post-loop blog-style-bg wd-add-shadow wd-col post-19745 post type-post status-publish format-standard has-post-thumbnail hentry category-ereignisse\">\n\t\t\t<div class=\"wd-post-inner\">\n\t\n\t<div class=\"wd-post-thumb color-scheme-light\">\n\t\t\t\t\t<div class=\"wd-post-img\">\n\t\t\t\t<img loading=\"lazy\" decoding=\"async\" width=\"1067\" height=\"800\" src=\"https:\/\/susimetsa.ee\/wp-content\/uploads\/2025\/03\/IMG_7283-1067x800.jpg\" class=\"attachment-large size-large\" alt=\"\" srcset=\"https:\/\/susimetsa.ee\/wp-content\/uploads\/2025\/03\/IMG_7283-1067x800.jpg 1067w, https:\/\/susimetsa.ee\/wp-content\/uploads\/2025\/03\/IMG_7283-400x300.jpg 400w, https:\/\/susimetsa.ee\/wp-content\/uploads\/2025\/03\/IMG_7283-768x576.jpg 768w, https:\/\/susimetsa.ee\/wp-content\/uploads\/2025\/03\/IMG_7283-1536x1152.jpg 1536w, https:\/\/susimetsa.ee\/wp-content\/uploads\/2025\/03\/IMG_7283-860x645.jpg 860w, https:\/\/susimetsa.ee\/wp-content\/uploads\/2025\/03\/IMG_7283-430x323.jpg 430w, https:\/\/susimetsa.ee\/wp-content\/uploads\/2025\/03\/IMG_7283-700x525.jpg 700w, https:\/\/susimetsa.ee\/wp-content\/uploads\/2025\/03\/IMG_7283-150x113.jpg 150w, https:\/\/susimetsa.ee\/wp-content\/uploads\/2025\/03\/IMG_7283.jpg 2016w\" sizes=\"auto, (max-width: 1067px) 100vw, 1067px\" \/>\t\t\t<\/div>\n\t\t\n\t\t\t\t<a class=\"wd-post-link wd-fill\" tabindex=\"-1\" href=\"https:\/\/susimetsa.ee\/de\/seminar-fuer-doktoranden-in-philosophie\/\" rel=\"bookmark\" aria-label=\"Link on post Seminar f\u00fcr Doktoranden in Philosophie\"><\/a>\n\n\t\t\t<\/div>\n\n\t<div class=\"wd-post-content\">\n\t\t<div class=\"wd-post-meta wd-post-entry-meta\">\n\t\t\t\n\t\t\t\n\t\t\t\t\t\t\t<div class=\"wd-post-date wd-style-default\">\n\t\t\t\t\t<time class=\"published\" datetime=\"2025-03-01T12:44:43+00:00\">\n\t\t\t\t\t\t01 M\u00e4rz 2025\t\t\t\t\t<\/time>\n\t\t\t\t<\/div>\n\n\t\t\t\t<div class=\"wd-modified-date\">\n\t\t\t\t\t\t\t<time class=\"updated\" datetime=\"2025-03-01T12:44:58+00:00\">\n\t\t\t03\/01\/2025\t\t<\/time>\n\t\t\t\t\t\t<\/div>\n\t\t\t\t\t<\/div>\n\n\t\t\t\t\t<h3 class=\"wd-post-title wd-entities-title title post-title\">\n\t\t\t\t<a href=\"https:\/\/susimetsa.ee\/de\/seminar-fuer-doktoranden-in-philosophie\/\" rel=\"bookmark\">\n\t\t\t\t\tSeminar f\u00fcr Doktoranden in Philosophie\t\t\t\t<\/a>\n\t\t\t<\/h3>\n\t\t\n\t\t\t\t\t<div class=\"wd-post-excerpt\">\n\t\t\t\t\t\t\t\t\tDoktorandenseminar in Philosophie, 18. bis 20. Oktober 2024 \/  Filosoofia doktorantide Seminar, 18.-20. oktoobril 2024 \n\nEnglische \u00dcber...\t\t\t\t\t\t\t<\/div>\n\t\t\n\t\t\t\t\t\t\t\t\t\t<div class=\"wd-post-read-more wd-style-link read-more-section\">\n\t\t\t\t\t\t<a class=\"\" href=\"https:\/\/susimetsa.ee\/de\/seminar-fuer-doktoranden-in-philosophie\/\">Continue reading<\/a>\t\t\t\t\t<\/div>\n\t\t\t\t\t\t\t<\/div>\n\n\t\t\t<\/div>\n\t<\/article>\n\t\t\t\t\t\t\t\t\t\t\t\t\t\t\n<article id=\"post-19353\" class=\"wd-post blog-design-meta-image blog-post-loop blog-style-bg wd-add-shadow wd-col post-19353 post type-post status-publish format-standard has-post-thumbnail hentry category-ereignisse\">\n\t\t\t<div class=\"wd-post-inner\">\n\t\n\t<div class=\"wd-post-thumb color-scheme-light\">\n\t\t\t\t\t<div class=\"wd-post-img\">\n\t\t\t\t<img loading=\"lazy\" decoding=\"async\" width=\"1065\" height=\"800\" src=\"https:\/\/susimetsa.ee\/wp-content\/uploads\/2024\/09\/Terrassil-lilledega-1065x800.jpg\" class=\"attachment-large size-large\" alt=\"\" srcset=\"https:\/\/susimetsa.ee\/wp-content\/uploads\/2024\/09\/Terrassil-lilledega-1065x800.jpg 1065w, https:\/\/susimetsa.ee\/wp-content\/uploads\/2024\/09\/Terrassil-lilledega-400x300.jpg 400w, https:\/\/susimetsa.ee\/wp-content\/uploads\/2024\/09\/Terrassil-lilledega-768x577.jpg 768w, https:\/\/susimetsa.ee\/wp-content\/uploads\/2024\/09\/Terrassil-lilledega-1536x1154.jpg 1536w, https:\/\/susimetsa.ee\/wp-content\/uploads\/2024\/09\/Terrassil-lilledega-2048x1539.jpg 2048w, https:\/\/susimetsa.ee\/wp-content\/uploads\/2024\/09\/Terrassil-lilledega-860x646.jpg 860w, https:\/\/susimetsa.ee\/wp-content\/uploads\/2024\/09\/Terrassil-lilledega-430x323.jpg 430w, https:\/\/susimetsa.ee\/wp-content\/uploads\/2024\/09\/Terrassil-lilledega-700x526.jpg 700w, https:\/\/susimetsa.ee\/wp-content\/uploads\/2024\/09\/Terrassil-lilledega-150x113.jpg 150w\" sizes=\"auto, (max-width: 1065px) 100vw, 1065px\" \/>\t\t\t<\/div>\n\t\t\n\t\t\t\t<a class=\"wd-post-link wd-fill\" tabindex=\"-1\" href=\"https:\/\/susimetsa.ee\/de\/forschungsgruppe-fuer-selbstbestimmung\/\" rel=\"bookmark\" aria-label=\"Link on post Forschungsgruppe f\u00fcr Selbstbestimmung\"><\/a>\n\n\t\t\t<\/div>\n\n\t<div class=\"wd-post-content\">\n\t\t<div class=\"wd-post-meta wd-post-entry-meta\">\n\t\t\t\n\t\t\t\n\t\t\t\t\t\t\t<div class=\"wd-post-date wd-style-default\">\n\t\t\t\t\t<time class=\"published\" datetime=\"2024-09-16T19:24:23+00:00\">\n\t\t\t\t\t\t16 Sep. 2024\t\t\t\t\t<\/time>\n\t\t\t\t<\/div>\n\n\t\t\t\t<div class=\"wd-modified-date\">\n\t\t\t\t\t\t\t<time class=\"updated\" datetime=\"2024-09-16T19:24:31+00:00\">\n\t\t\t09\/16\/2024\t\t<\/time>\n\t\t\t\t\t\t<\/div>\n\t\t\t\t\t<\/div>\n\n\t\t\t\t\t<h3 class=\"wd-post-title wd-entities-title title post-title\">\n\t\t\t\t<a href=\"https:\/\/susimetsa.ee\/de\/forschungsgruppe-fuer-selbstbestimmung\/\" rel=\"bookmark\">\n\t\t\t\t\tForschungsgruppe f\u00fcr Selbstbestimmung\t\t\t\t<\/a>\n\t\t\t<\/h3>\n\t\t\n\t\t\t\t\t<div class=\"wd-post-excerpt\">\n\t\t\t\t\t\t\t\t\tForschungsgruppe Selbstbestimmung, 26. bis 28. Juni 2024 \/  Enesem\u00e4\u00e4rajad Susimetsas, 26.-28.\njuuni 2024 \n\nEnglische \u00dcbersetzung\n\n\nDie ...\t\t\t\t\t\t\t<\/div>\n\t\t\n\t\t\t\t\t\t\t\t\t\t<div class=\"wd-post-read-more wd-style-link read-more-section\">\n\t\t\t\t\t\t<a class=\"\" href=\"https:\/\/susimetsa.ee\/de\/forschungsgruppe-fuer-selbstbestimmung\/\">Continue reading<\/a>\t\t\t\t\t<\/div>\n\t\t\t\t\t\t\t<\/div>\n\n\t\t\t<\/div>\n\t<\/article>\n\t\t\t\t\t\t\t\t\t\t\t\t\t\t\n<article id=\"post-19130\" class=\"wd-post blog-design-meta-image blog-post-loop blog-style-bg wd-add-shadow wd-col post-19130 post type-post status-publish format-standard has-post-thumbnail hentry category-ereignisse\">\n\t\t\t<div class=\"wd-post-inner\">\n\t\n\t<div class=\"wd-post-thumb color-scheme-light\">\n\t\t\t\t\t<div class=\"wd-post-img\">\n\t\t\t\t<img loading=\"lazy\" decoding=\"async\" width=\"1067\" height=\"800\" src=\"https:\/\/susimetsa.ee\/wp-content\/uploads\/2024\/08\/IMG_4375-1067x800.jpeg\" class=\"attachment-large size-large\" alt=\"\" srcset=\"https:\/\/susimetsa.ee\/wp-content\/uploads\/2024\/08\/IMG_4375-1067x800.jpeg 1067w, https:\/\/susimetsa.ee\/wp-content\/uploads\/2024\/08\/IMG_4375-400x300.jpeg 400w, https:\/\/susimetsa.ee\/wp-content\/uploads\/2024\/08\/IMG_4375-768x576.jpeg 768w, https:\/\/susimetsa.ee\/wp-content\/uploads\/2024\/08\/IMG_4375-1536x1152.jpeg 1536w, https:\/\/susimetsa.ee\/wp-content\/uploads\/2024\/08\/IMG_4375-2048x1536.jpeg 2048w, https:\/\/susimetsa.ee\/wp-content\/uploads\/2024\/08\/IMG_4375-860x645.jpeg 860w, https:\/\/susimetsa.ee\/wp-content\/uploads\/2024\/08\/IMG_4375-430x323.jpeg 430w, https:\/\/susimetsa.ee\/wp-content\/uploads\/2024\/08\/IMG_4375-700x525.jpeg 700w, https:\/\/susimetsa.ee\/wp-content\/uploads\/2024\/08\/IMG_4375-150x113.jpeg 150w\" sizes=\"auto, (max-width: 1067px) 100vw, 1067px\" \/>\t\t\t<\/div>\n\t\t\n\t\t\t\t<a class=\"wd-post-link wd-fill\" tabindex=\"-1\" href=\"https:\/\/susimetsa.ee\/de\/der-internationale-workshop-zur-antiken-philosophie\/\" rel=\"bookmark\" aria-label=\"Link on post Der internationale Workshop zur antiken Philosophie\"><\/a>\n\n\t\t\t<\/div>\n\n\t<div class=\"wd-post-content\">\n\t\t<div class=\"wd-post-meta wd-post-entry-meta\">\n\t\t\t\n\t\t\t\n\t\t\t\t\t\t\t<div class=\"wd-post-date wd-style-default\">\n\t\t\t\t\t<time class=\"published\" datetime=\"2024-08-18T16:36:33+00:00\">\n\t\t\t\t\t\t18 Aug. 2024\t\t\t\t\t<\/time>\n\t\t\t\t<\/div>\n\n\t\t\t\t<div class=\"wd-modified-date\">\n\t\t\t\t\t\t\t<time class=\"updated\" datetime=\"2024-09-15T07:50:10+00:00\">\n\t\t\t09\/15\/2024\t\t<\/time>\n\t\t\t\t\t\t<\/div>\n\t\t\t\t\t<\/div>\n\n\t\t\t\t\t<h3 class=\"wd-post-title wd-entities-title title post-title\">\n\t\t\t\t<a href=\"https:\/\/susimetsa.ee\/de\/der-internationale-workshop-zur-antiken-philosophie\/\" rel=\"bookmark\">\n\t\t\t\t\tDer internationale Workshop zur antiken Philosophie\t\t\t\t<\/a>\n\t\t\t<\/h3>\n\t\t\n\t\t\t\t\t<div class=\"wd-post-excerpt\">\n\t\t\t\t\t\t\t\t\tDer internationale Workshop zur antiken Philosophie, 9. bis 11. August 2024 \/ Antiikfilosoofide rahvusvaheline t\u00f6\u00f6tuba, 9.-11.\naugust, ...\t\t\t\t\t\t\t<\/div>\n\t\t\n\t\t\t\t\t\t\t\t\t\t<div class=\"wd-post-read-more wd-style-link read-more-section\">\n\t\t\t\t\t\t<a class=\"\" href=\"https:\/\/susimetsa.ee\/de\/der-internationale-workshop-zur-antiken-philosophie\/\">Continue reading<\/a>\t\t\t\t\t<\/div>\n\t\t\t\t\t\t\t<\/div>\n\n\t\t\t<\/div>\n\t<\/article>\n\t\t\t\t\t\t\t\t\t\t\t\t\t\t\n<article id=\"post-19136\" class=\"wd-post blog-design-meta-image blog-post-loop blog-style-bg wd-add-shadow wd-col post-19136 post type-post status-publish format-standard has-post-thumbnail hentry category-ereignisse\">\n\t\t\t<div class=\"wd-post-inner\">\n\t\n\t<div class=\"wd-post-thumb color-scheme-light\">\n\t\t\t\t\t<div class=\"wd-post-img\">\n\t\t\t\t<img loading=\"lazy\" decoding=\"async\" width=\"1067\" height=\"800\" src=\"https:\/\/susimetsa.ee\/wp-content\/uploads\/2024\/07\/Arutelu-manguga_terrass-taamal-1067x800.jpg\" class=\"attachment-large size-large\" alt=\"\" srcset=\"https:\/\/susimetsa.ee\/wp-content\/uploads\/2024\/07\/Arutelu-manguga_terrass-taamal-1067x800.jpg 1067w, https:\/\/susimetsa.ee\/wp-content\/uploads\/2024\/07\/Arutelu-manguga_terrass-taamal-400x300.jpg 400w, https:\/\/susimetsa.ee\/wp-content\/uploads\/2024\/07\/Arutelu-manguga_terrass-taamal-768x576.jpg 768w, https:\/\/susimetsa.ee\/wp-content\/uploads\/2024\/07\/Arutelu-manguga_terrass-taamal-1536x1152.jpg 1536w, https:\/\/susimetsa.ee\/wp-content\/uploads\/2024\/07\/Arutelu-manguga_terrass-taamal-2048x1536.jpg 2048w, https:\/\/susimetsa.ee\/wp-content\/uploads\/2024\/07\/Arutelu-manguga_terrass-taamal-860x645.jpg 860w, https:\/\/susimetsa.ee\/wp-content\/uploads\/2024\/07\/Arutelu-manguga_terrass-taamal-430x323.jpg 430w, https:\/\/susimetsa.ee\/wp-content\/uploads\/2024\/07\/Arutelu-manguga_terrass-taamal-700x525.jpg 700w, https:\/\/susimetsa.ee\/wp-content\/uploads\/2024\/07\/Arutelu-manguga_terrass-taamal-150x113.jpg 150w\" sizes=\"auto, (max-width: 1067px) 100vw, 1067px\" \/>\t\t\t<\/div>\n\t\t\n\t\t\t\t<a class=\"wd-post-link wd-fill\" tabindex=\"-1\" href=\"https:\/\/susimetsa.ee\/de\/gemeinsames-klinisches-ethikseminar-von-elf-krankenhaeusern\/\" rel=\"bookmark\" aria-label=\"Link on post Gemeinsames klinisches Ethikseminar von elf Krankenh\u00e4usern\"><\/a>\n\n\t\t\t<\/div>\n\n\t<div class=\"wd-post-content\">\n\t\t<div class=\"wd-post-meta wd-post-entry-meta\">\n\t\t\t\n\t\t\t\n\t\t\t\t\t\t\t<div class=\"wd-post-date wd-style-default\">\n\t\t\t\t\t<time class=\"published\" datetime=\"2024-07-25T15:58:20+00:00\">\n\t\t\t\t\t\t25 Juli 2024\t\t\t\t\t<\/time>\n\t\t\t\t<\/div>\n\n\t\t\t\t<div class=\"wd-modified-date\">\n\t\t\t\t\t\t\t<time class=\"updated\" datetime=\"2024-09-15T07:50:10+00:00\">\n\t\t\t09\/15\/2024\t\t<\/time>\n\t\t\t\t\t\t<\/div>\n\t\t\t\t\t<\/div>\n\n\t\t\t\t\t<h3 class=\"wd-post-title wd-entities-title title post-title\">\n\t\t\t\t<a href=\"https:\/\/susimetsa.ee\/de\/gemeinsames-klinisches-ethikseminar-von-elf-krankenhaeusern\/\" rel=\"bookmark\">\n\t\t\t\t\tGemeinsames klinisches Ethikseminar von elf Krankenh\u00e4usern\t\t\t\t<\/a>\n\t\t\t<\/h3>\n\t\t\n\t\t\t\t\t<div class=\"wd-post-excerpt\">\n\t\t\t\t\t\t\t\t\tGemeinsames klinisches Ethikseminar von elf Krankenh\u00e4usern, 13-14 Juni 2024 \/ 11 haigla \u00fchine kliinilise eetika seminar, 13.-14.\njuuni,...\t\t\t\t\t\t\t<\/div>\n\t\t\n\t\t\t\t\t\t\t\t\t\t<div class=\"wd-post-read-more wd-style-link read-more-section\">\n\t\t\t\t\t\t<a class=\"\" href=\"https:\/\/susimetsa.ee\/de\/gemeinsames-klinisches-ethikseminar-von-elf-krankenhaeusern\/\">Continue reading<\/a>\t\t\t\t\t<\/div>\n\t\t\t\t\t\t\t<\/div>\n\n\t\t\t<\/div>\n\t<\/article>\n\t\t\t\t\t\t\t\t\t\t\t\t\t\t\n<article id=\"post-19142\" class=\"wd-post blog-design-meta-image blog-post-loop blog-style-bg wd-add-shadow wd-col post-19142 post type-post status-publish format-standard has-post-thumbnail hentry category-ereignisse\">\n\t\t\t<div class=\"wd-post-inner\">\n\t\n\t<div class=\"wd-post-thumb color-scheme-light\">\n\t\t\t\t\t<div class=\"wd-post-img\">\n\t\t\t\t<img loading=\"lazy\" decoding=\"async\" width=\"1200\" height=\"800\" src=\"https:\/\/susimetsa.ee\/wp-content\/uploads\/2024\/01\/IMG_7232-1200x800.jpg\" class=\"attachment-large size-large\" alt=\"\" srcset=\"https:\/\/susimetsa.ee\/wp-content\/uploads\/2024\/01\/IMG_7232-1200x800.jpg 1200w, https:\/\/susimetsa.ee\/wp-content\/uploads\/2024\/01\/IMG_7232-400x267.jpg 400w, https:\/\/susimetsa.ee\/wp-content\/uploads\/2024\/01\/IMG_7232-768x512.jpg 768w, https:\/\/susimetsa.ee\/wp-content\/uploads\/2024\/01\/IMG_7232-1536x1024.jpg 1536w, https:\/\/susimetsa.ee\/wp-content\/uploads\/2024\/01\/IMG_7232-2048x1366.jpg 2048w, https:\/\/susimetsa.ee\/wp-content\/uploads\/2024\/01\/IMG_7232-860x573.jpg 860w, https:\/\/susimetsa.ee\/wp-content\/uploads\/2024\/01\/IMG_7232-430x287.jpg 430w, https:\/\/susimetsa.ee\/wp-content\/uploads\/2024\/01\/IMG_7232-700x467.jpg 700w, https:\/\/susimetsa.ee\/wp-content\/uploads\/2024\/01\/IMG_7232-150x100.jpg 150w\" sizes=\"auto, (max-width: 1200px) 100vw, 1200px\" \/>\t\t\t<\/div>\n\t\t\n\t\t\t\t<a class=\"wd-post-link wd-fill\" tabindex=\"-1\" href=\"https:\/\/susimetsa.ee\/de\/ausflug-des-zentrums-fuer-ethik-der-universitaet-tartu\/\" rel=\"bookmark\" aria-label=\"Link on post Ausflug des Zentrums f\u00fcr Ethik der Universit\u00e4t Tartu\"><\/a>\n\n\t\t\t<\/div>\n\n\t<div class=\"wd-post-content\">\n\t\t<div class=\"wd-post-meta wd-post-entry-meta\">\n\t\t\t\n\t\t\t\n\t\t\t\t\t\t\t<div class=\"wd-post-date wd-style-default\">\n\t\t\t\t\t<time class=\"published\" datetime=\"2024-01-01T18:08:57+00:00\">\n\t\t\t\t\t\t01 Jan. 2024\t\t\t\t\t<\/time>\n\t\t\t\t<\/div>\n\n\t\t\t\t<div class=\"wd-modified-date\">\n\t\t\t\t\t\t\t<time class=\"updated\" datetime=\"2024-09-15T07:50:17+00:00\">\n\t\t\t09\/15\/2024\t\t<\/time>\n\t\t\t\t\t\t<\/div>\n\t\t\t\t\t<\/div>\n\n\t\t\t\t\t<h3 class=\"wd-post-title wd-entities-title title post-title\">\n\t\t\t\t<a href=\"https:\/\/susimetsa.ee\/de\/ausflug-des-zentrums-fuer-ethik-der-universitaet-tartu\/\" rel=\"bookmark\">\n\t\t\t\t\tAusflug des Zentrums f\u00fcr Ethik der Universit\u00e4t Tartu\t\t\t\t<\/a>\n\t\t\t<\/h3>\n\t\t\n\t\t\t\t\t<div class=\"wd-post-excerpt\">\n\t\t\t\t\t\t\t\t\tOuting des Zentrums f\u00fcr Ethik der Universit\u00e4t Tartu f\u00fcr das Mikrokredits-Programm \"Akademische und Forschungsethik: From Theory to Prac...\t\t\t\t\t\t\t<\/div>\n\t\t\n\t\t\t\t\t\t\t\t\t\t<div class=\"wd-post-read-more wd-style-link read-more-section\">\n\t\t\t\t\t\t<a class=\"\" href=\"https:\/\/susimetsa.ee\/de\/ausflug-des-zentrums-fuer-ethik-der-universitaet-tartu\/\">Continue reading<\/a>\t\t\t\t\t<\/div>\n\t\t\t\t\t\t\t<\/div>\n\n\t\t\t<\/div>\n\t<\/article>\n\t\t\t\t\t\t\t\t\t\t\t\t\t\t\n<article id=\"post-19150\" class=\"wd-post blog-design-meta-image blog-post-loop blog-style-bg wd-add-shadow wd-col post-19150 post type-post status-publish format-standard has-post-thumbnail hentry category-ereignisse\">\n\t\t\t<div class=\"wd-post-inner\">\n\t\n\t<div class=\"wd-post-thumb color-scheme-light\">\n\t\t\t\t\t<div class=\"wd-post-img\">\n\t\t\t\t<img loading=\"lazy\" decoding=\"async\" width=\"801\" height=\"800\" src=\"https:\/\/susimetsa.ee\/wp-content\/uploads\/2023\/12\/20231118_153340-801x800.jpg\" class=\"attachment-large size-large\" alt=\"\" srcset=\"https:\/\/susimetsa.ee\/wp-content\/uploads\/2023\/12\/20231118_153340-801x800.jpg 801w, https:\/\/susimetsa.ee\/wp-content\/uploads\/2023\/12\/20231118_153340-300x300.jpg 300w, https:\/\/susimetsa.ee\/wp-content\/uploads\/2023\/12\/20231118_153340-150x150.jpg 150w, https:\/\/susimetsa.ee\/wp-content\/uploads\/2023\/12\/20231118_153340-768x767.jpg 768w, https:\/\/susimetsa.ee\/wp-content\/uploads\/2023\/12\/20231118_153340-1536x1534.jpg 1536w, https:\/\/susimetsa.ee\/wp-content\/uploads\/2023\/12\/20231118_153340-2048x2045.jpg 2048w, https:\/\/susimetsa.ee\/wp-content\/uploads\/2023\/12\/20231118_153340-860x859.jpg 860w, https:\/\/susimetsa.ee\/wp-content\/uploads\/2023\/12\/20231118_153340-430x429.jpg 430w, https:\/\/susimetsa.ee\/wp-content\/uploads\/2023\/12\/20231118_153340-700x699.jpg 700w\" sizes=\"auto, (max-width: 801px) 100vw, 801px\" \/>\t\t\t<\/div>\n\t\t\n\t\t\t\t<a class=\"wd-post-link wd-fill\" tabindex=\"-1\" href=\"https:\/\/susimetsa.ee\/de\/akademische-residenz-des-estnischen-nationalmuseums\/\" rel=\"bookmark\" aria-label=\"Link on post Akademische Residenz des Estnischen Nationalmuseums\"><\/a>\n\n\t\t\t<\/div>\n\n\t<div class=\"wd-post-content\">\n\t\t<div class=\"wd-post-meta wd-post-entry-meta\">\n\t\t\t\n\t\t\t\n\t\t\t\t\t\t\t<div class=\"wd-post-date wd-style-default\">\n\t\t\t\t\t<time class=\"published\" datetime=\"2023-12-09T15:15:07+00:00\">\n\t\t\t\t\t\t09 Dez. 2023\t\t\t\t\t<\/time>\n\t\t\t\t<\/div>\n\n\t\t\t\t<div class=\"wd-modified-date\">\n\t\t\t\t\t\t\t<time class=\"updated\" datetime=\"2024-09-15T07:50:17+00:00\">\n\t\t\t09\/15\/2024\t\t<\/time>\n\t\t\t\t\t\t<\/div>\n\t\t\t\t\t<\/div>\n\n\t\t\t\t\t<h3 class=\"wd-post-title wd-entities-title title post-title\">\n\t\t\t\t<a href=\"https:\/\/susimetsa.ee\/de\/akademische-residenz-des-estnischen-nationalmuseums\/\" rel=\"bookmark\">\n\t\t\t\t\tAkademische Residenz des Estnischen Nationalmuseums\t\t\t\t<\/a>\n\t\t\t<\/h3>\n\t\t\n\t\t\t\t\t<div class=\"wd-post-excerpt\">\n\t\t\t\t\t\t\t\t\tAkademische Residenz des Estnischen Nationalmuseums, 15-18. November 2023 \/ Eesti Rahva Muuseumi akadeemiline loomeresidentuur 15.-18.\n...\t\t\t\t\t\t\t<\/div>\n\t\t\n\t\t\t\t\t\t\t\t\t\t<div class=\"wd-post-read-more wd-style-link read-more-section\">\n\t\t\t\t\t\t<a class=\"\" href=\"https:\/\/susimetsa.ee\/de\/akademische-residenz-des-estnischen-nationalmuseums\/\">Continue reading<\/a>\t\t\t\t\t<\/div>\n\t\t\t\t\t\t\t<\/div>\n\n\t\t\t<\/div>\n\t<\/article>\n\t\t\t\t\t\t\t\t\t\t\t\t\t\t\n<article id=\"post-19139\" class=\"wd-post blog-design-meta-image blog-post-loop blog-style-bg wd-add-shadow wd-col post-19139 post type-post status-publish format-standard has-post-thumbnail hentry category-ereignisse\">\n\t\t\t<div class=\"wd-post-inner\">\n\t\n\t<div class=\"wd-post-thumb color-scheme-light\">\n\t\t\t\t\t<div class=\"wd-post-img\">\n\t\t\t\t<img loading=\"lazy\" decoding=\"async\" width=\"1067\" height=\"800\" src=\"https:\/\/susimetsa.ee\/wp-content\/uploads\/2023\/12\/Eesti-Kunstiakadeemia-stenograafi-osakonna-loomelaager-3.-4.-november-2023-3-1067x800.jpeg\" class=\"attachment-large size-large\" alt=\"\" srcset=\"https:\/\/susimetsa.ee\/wp-content\/uploads\/2023\/12\/Eesti-Kunstiakadeemia-stenograafi-osakonna-loomelaager-3.-4.-november-2023-3-1067x800.jpeg 1067w, https:\/\/susimetsa.ee\/wp-content\/uploads\/2023\/12\/Eesti-Kunstiakadeemia-stenograafi-osakonna-loomelaager-3.-4.-november-2023-3-400x300.jpeg 400w, https:\/\/susimetsa.ee\/wp-content\/uploads\/2023\/12\/Eesti-Kunstiakadeemia-stenograafi-osakonna-loomelaager-3.-4.-november-2023-3-768x576.jpeg 768w, https:\/\/susimetsa.ee\/wp-content\/uploads\/2023\/12\/Eesti-Kunstiakadeemia-stenograafi-osakonna-loomelaager-3.-4.-november-2023-3-1536x1152.jpeg 1536w, https:\/\/susimetsa.ee\/wp-content\/uploads\/2023\/12\/Eesti-Kunstiakadeemia-stenograafi-osakonna-loomelaager-3.-4.-november-2023-3-860x645.jpeg 860w, https:\/\/susimetsa.ee\/wp-content\/uploads\/2023\/12\/Eesti-Kunstiakadeemia-stenograafi-osakonna-loomelaager-3.-4.-november-2023-3-430x323.jpeg 430w, https:\/\/susimetsa.ee\/wp-content\/uploads\/2023\/12\/Eesti-Kunstiakadeemia-stenograafi-osakonna-loomelaager-3.-4.-november-2023-3-700x525.jpeg 700w, https:\/\/susimetsa.ee\/wp-content\/uploads\/2023\/12\/Eesti-Kunstiakadeemia-stenograafi-osakonna-loomelaager-3.-4.-november-2023-3-150x113.jpeg 150w, https:\/\/susimetsa.ee\/wp-content\/uploads\/2023\/12\/Eesti-Kunstiakadeemia-stenograafi-osakonna-loomelaager-3.-4.-november-2023-3.jpeg 2016w\" sizes=\"auto, (max-width: 1067px) 100vw, 1067px\" \/>\t\t\t<\/div>\n\t\t\n\t\t\t\t<a class=\"wd-post-link wd-fill\" tabindex=\"-1\" href=\"https:\/\/susimetsa.ee\/de\/kreativ-workshop-der-estnischen-akademie-der-kuenste\/\" rel=\"bookmark\" aria-label=\"Link on post Kreativ-Workshop der Estnischen Akademie der K\u00fcnste\"><\/a>\n\n\t\t\t<\/div>\n\n\t<div class=\"wd-post-content\">\n\t\t<div class=\"wd-post-meta wd-post-entry-meta\">\n\t\t\t\n\t\t\t\n\t\t\t\t\t\t\t<div class=\"wd-post-date wd-style-default\">\n\t\t\t\t\t<time class=\"published\" datetime=\"2023-12-02T20:10:16+00:00\">\n\t\t\t\t\t\t02 Dez. 2023\t\t\t\t\t<\/time>\n\t\t\t\t<\/div>\n\n\t\t\t\t<div class=\"wd-modified-date\">\n\t\t\t\t\t\t\t<time class=\"updated\" datetime=\"2024-09-15T07:50:17+00:00\">\n\t\t\t09\/15\/2024\t\t<\/time>\n\t\t\t\t\t\t<\/div>\n\t\t\t\t\t<\/div>\n\n\t\t\t\t\t<h3 class=\"wd-post-title wd-entities-title title post-title\">\n\t\t\t\t<a href=\"https:\/\/susimetsa.ee\/de\/kreativ-workshop-der-estnischen-akademie-der-kuenste\/\" rel=\"bookmark\">\n\t\t\t\t\tKreativ-Workshop der Estnischen Akademie der K\u00fcnste\t\t\t\t<\/a>\n\t\t\t<\/h3>\n\t\t\n\t\t\t\t\t<div class=\"wd-post-excerpt\">\n\t\t\t\t\t\t\t\t\tKreativer Workshop der Estnischen Akademie der K\u00fcnste, Abteilung f\u00fcr Szenografie, 3. und 4. November 2023 \/ Eesti Kunstiakadeemia steno...\t\t\t\t\t\t\t<\/div>\n\t\t\n\t\t\t\t\t\t\t\t\t\t<div class=\"wd-post-read-more wd-style-link read-more-section\">\n\t\t\t\t\t\t<a class=\"\" href=\"https:\/\/susimetsa.ee\/de\/kreativ-workshop-der-estnischen-akademie-der-kuenste\/\">Continue reading<\/a>\t\t\t\t\t<\/div>\n\t\t\t\t\t\t\t<\/div>\n\n\t\t\t<\/div>\n\t<\/article>\n\t\t\t\t\t\t\t\t\t\t\t\t\t\t\n<article id=\"post-19147\" class=\"wd-post blog-design-meta-image blog-post-loop blog-style-bg wd-add-shadow wd-col post-19147 post type-post status-publish format-standard has-post-thumbnail hentry category-ereignisse\">\n\t\t\t<div class=\"wd-post-inner\">\n\t\n\t<div class=\"wd-post-thumb color-scheme-light\">\n\t\t\t\t\t<div class=\"wd-post-img\">\n\t\t\t\t<img loading=\"lazy\" decoding=\"async\" width=\"1067\" height=\"800\" src=\"https:\/\/susimetsa.ee\/wp-content\/uploads\/2023\/12\/Viljandi-Kultuuriakadeemia-inspiratsioonipaev-Susimetsas-3.10.2023--1067x800.jpeg\" class=\"attachment-large size-large\" alt=\"\" srcset=\"https:\/\/susimetsa.ee\/wp-content\/uploads\/2023\/12\/Viljandi-Kultuuriakadeemia-inspiratsioonipaev-Susimetsas-3.10.2023--1067x800.jpeg 1067w, https:\/\/susimetsa.ee\/wp-content\/uploads\/2023\/12\/Viljandi-Kultuuriakadeemia-inspiratsioonipaev-Susimetsas-3.10.2023--400x300.jpeg 400w, https:\/\/susimetsa.ee\/wp-content\/uploads\/2023\/12\/Viljandi-Kultuuriakadeemia-inspiratsioonipaev-Susimetsas-3.10.2023--768x576.jpeg 768w, https:\/\/susimetsa.ee\/wp-content\/uploads\/2023\/12\/Viljandi-Kultuuriakadeemia-inspiratsioonipaev-Susimetsas-3.10.2023--860x645.jpeg 860w, https:\/\/susimetsa.ee\/wp-content\/uploads\/2023\/12\/Viljandi-Kultuuriakadeemia-inspiratsioonipaev-Susimetsas-3.10.2023--430x323.jpeg 430w, https:\/\/susimetsa.ee\/wp-content\/uploads\/2023\/12\/Viljandi-Kultuuriakadeemia-inspiratsioonipaev-Susimetsas-3.10.2023--700x525.jpeg 700w, https:\/\/susimetsa.ee\/wp-content\/uploads\/2023\/12\/Viljandi-Kultuuriakadeemia-inspiratsioonipaev-Susimetsas-3.10.2023--150x113.jpeg 150w, https:\/\/susimetsa.ee\/wp-content\/uploads\/2023\/12\/Viljandi-Kultuuriakadeemia-inspiratsioonipaev-Susimetsas-3.10.2023-.jpeg 1280w\" sizes=\"auto, (max-width: 1067px) 100vw, 1067px\" \/>\t\t\t<\/div>\n\t\t\n\t\t\t\t<a class=\"wd-post-link wd-fill\" tabindex=\"-1\" href=\"https:\/\/susimetsa.ee\/de\/inspirations-tag-der-kulturakademie-viljandi\/\" rel=\"bookmark\" aria-label=\"Link on post Inspirations-Tag der Kulturakademie Viljandi\"><\/a>\n\n\t\t\t<\/div>\n\n\t<div class=\"wd-post-content\">\n\t\t<div class=\"wd-post-meta wd-post-entry-meta\">\n\t\t\t\n\t\t\t\n\t\t\t\t\t\t\t<div class=\"wd-post-date wd-style-default\">\n\t\t\t\t\t<time class=\"published\" datetime=\"2023-12-02T19:24:43+00:00\">\n\t\t\t\t\t\t02 Dez. 2023\t\t\t\t\t<\/time>\n\t\t\t\t<\/div>\n\n\t\t\t\t<div class=\"wd-modified-date\">\n\t\t\t\t\t\t\t<time class=\"updated\" datetime=\"2024-09-15T07:50:17+00:00\">\n\t\t\t09\/15\/2024\t\t<\/time>\n\t\t\t\t\t\t<\/div>\n\t\t\t\t\t<\/div>\n\n\t\t\t\t\t<h3 class=\"wd-post-title wd-entities-title title post-title\">\n\t\t\t\t<a href=\"https:\/\/susimetsa.ee\/de\/inspirations-tag-der-kulturakademie-viljandi\/\" rel=\"bookmark\">\n\t\t\t\t\tInspirations-Tag der Kulturakademie Viljandi\t\t\t\t<\/a>\n\t\t\t<\/h3>\n\t\t\n\t\t\t\t\t<div class=\"wd-post-excerpt\">\n\t\t\t\t\t\t\t\t\tViljandi Culture Academy's Inspirational Day in der Susimetsa am 3. Oktober 2023 \/ Viljandi Kultuuriakadeemia inspiratsioonip\u00e4ev Susime...\t\t\t\t\t\t\t<\/div>\n\t\t\n\t\t\t\t\t\t\t\t\t\t<div class=\"wd-post-read-more wd-style-link read-more-section\">\n\t\t\t\t\t\t<a class=\"\" href=\"https:\/\/susimetsa.ee\/de\/inspirations-tag-der-kulturakademie-viljandi\/\">Continue reading<\/a>\t\t\t\t\t<\/div>\n\t\t\t\t\t\t\t<\/div>\n\n\t\t\t<\/div>\n\t<\/article>\n\t\t\t\t\t\t\t\t\t\t\t\t\t\t\n<article id=\"post-19155\" class=\"wd-post blog-design-meta-image blog-post-loop blog-style-bg wd-add-shadow wd-col post-19155 post type-post status-publish format-standard has-post-thumbnail hentry category-ereignisse\">\n\t\t\t<div class=\"wd-post-inner\">\n\t\n\t<div class=\"wd-post-thumb color-scheme-light\">\n\t\t\t\t\t<div class=\"wd-post-img\">\n\t\t\t\t<img loading=\"lazy\" decoding=\"async\" width=\"1067\" height=\"800\" src=\"https:\/\/susimetsa.ee\/wp-content\/uploads\/2023\/09\/Welcome-Event-1067x800.jpeg\" class=\"attachment-large size-large\" alt=\"\" srcset=\"https:\/\/susimetsa.ee\/wp-content\/uploads\/2023\/09\/Welcome-Event-1067x800.jpeg 1067w, https:\/\/susimetsa.ee\/wp-content\/uploads\/2023\/09\/Welcome-Event-400x300.jpeg 400w, https:\/\/susimetsa.ee\/wp-content\/uploads\/2023\/09\/Welcome-Event-768x576.jpeg 768w, https:\/\/susimetsa.ee\/wp-content\/uploads\/2023\/09\/Welcome-Event-1536x1152.jpeg 1536w, https:\/\/susimetsa.ee\/wp-content\/uploads\/2023\/09\/Welcome-Event-2048x1536.jpeg 2048w, https:\/\/susimetsa.ee\/wp-content\/uploads\/2023\/09\/Welcome-Event-860x645.jpeg 860w, https:\/\/susimetsa.ee\/wp-content\/uploads\/2023\/09\/Welcome-Event-430x323.jpeg 430w, https:\/\/susimetsa.ee\/wp-content\/uploads\/2023\/09\/Welcome-Event-700x525.jpeg 700w, https:\/\/susimetsa.ee\/wp-content\/uploads\/2023\/09\/Welcome-Event-150x113.jpeg 150w\" sizes=\"auto, (max-width: 1067px) 100vw, 1067px\" \/>\t\t\t<\/div>\n\t\t\n\t\t\t\t<a class=\"wd-post-link wd-fill\" tabindex=\"-1\" href=\"https:\/\/susimetsa.ee\/de\/eroeffnungsveranstaltung-27-8-2023\/\" rel=\"bookmark\" aria-label=\"Link on post Er\u00f6ffnungsveranstaltung 27.8.2023\"><\/a>\n\n\t\t\t<\/div>\n\n\t<div class=\"wd-post-content\">\n\t\t<div class=\"wd-post-meta wd-post-entry-meta\">\n\t\t\t\n\t\t\t\n\t\t\t\t\t\t\t<div class=\"wd-post-date wd-style-default\">\n\t\t\t\t\t<time class=\"published\" datetime=\"2023-11-27T21:01:52+00:00\">\n\t\t\t\t\t\t27 Nov. 2023\t\t\t\t\t<\/time>\n\t\t\t\t<\/div>\n\n\t\t\t\t<div class=\"wd-modified-date\">\n\t\t\t\t\t\t\t<time class=\"updated\" datetime=\"2024-09-15T07:50:17+00:00\">\n\t\t\t09\/15\/2024\t\t<\/time>\n\t\t\t\t\t\t<\/div>\n\t\t\t\t\t<\/div>\n\n\t\t\t\t\t<h3 class=\"wd-post-title wd-entities-title title post-title\">\n\t\t\t\t<a href=\"https:\/\/susimetsa.ee\/de\/eroeffnungsveranstaltung-27-8-2023\/\" rel=\"bookmark\">\n\t\t\t\t\tEr\u00f6ffnungsveranstaltung 27.8.2023\t\t\t\t<\/a>\n\t\t\t<\/h3>\n\t\t\n\t\t\t\t\t<div class=\"wd-post-excerpt\">\n\t\t\t\t\t\t\t\t\tEr\u00f6ffnungsveranstaltung der NGO Prof. Dr. Theda Rehbocks Susimetsa Philosophicum\n\n\n\nAm Sonntag, den 27. August 2023, versammelten sich ...\t\t\t\t\t\t\t<\/div>\n\t\t\n\t\t\t\t\t\t\t\t\t\t<div class=\"wd-post-read-more wd-style-link read-more-section\">\n\t\t\t\t\t\t<a class=\"\" href=\"https:\/\/susimetsa.ee\/de\/eroeffnungsveranstaltung-27-8-2023\/\">Continue reading<\/a>\t\t\t\t\t<\/div>\n\t\t\t\t\t\t\t<\/div>\n\n\t\t\t<\/div>\n\t<\/article>\n\t\t\t\t\n\t\t\t\t\t\t\t\t<\/div>\n\t\t\t\n\t\t\t\t\t\t\t\t\t\t<\/div>\n\t\t\t\t\t\t\t\t\t\t<\/div>\n\t\t\t\t<\/div>\n\t\t\t\t\t<\/div>\n\t\t<\/div>\n\t\t\t\t\t<\/div>\n\t\t<\/section>\n\t\t\t\t<\/div>\n\t\t","protected":false},"excerpt":{"rendered":"<p>Vergangene Ereignisse 08\/18\/2024 18 Aug 2024 The Ancient Philosophy International Workshop The Ancient Philosophy International Workshop, August 9-11, 2024 \/<\/p>\n","protected":false},"author":2,"featured_media":0,"parent":0,"menu_order":0,"comment_status":"closed","ping_status":"closed","template":"","meta":{"footnotes":""},"class_list":["post-19158","page","type-page","status-publish","hentry"],"_links":{"self":[{"href":"https:\/\/susimetsa.ee\/de\/wp-json\/wp\/v2\/pages\/19158","targetHints":{"allow":["GET"]}}],"collection":[{"href":"https:\/\/susimetsa.ee\/de\/wp-json\/wp\/v2\/pages"}],"about":[{"href":"https:\/\/susimetsa.ee\/de\/wp-json\/wp\/v2\/types\/page"}],"author":[{"embeddable":true,"href":"https:\/\/susimetsa.ee\/de\/wp-json\/wp\/v2\/users\/2"}],"replies":[{"embeddable":true,"href":"https:\/\/susimetsa.ee\/de\/wp-json\/wp\/v2\/comments?post=19158"}],"version-history":[{"count":1,"href":"https:\/\/susimetsa.ee\/de\/wp-json\/wp\/v2\/pages\/19158\/revisions"}],"predecessor-version":[{"id":19160,"href":"https:\/\/susimetsa.ee\/de\/wp-json\/wp\/v2\/pages\/19158\/revisions\/19160"}],"wp:attachment":[{"href":"https:\/\/susimetsa.ee\/de\/wp-json\/wp\/v2\/media?parent=19158"}],"curies":[{"name":"wp","href":"https:\/\/api.w.org\/{rel}","templated":true}]}}